{"id":899,"date":"2024-09-02T13:53:58","date_gmt":"2024-09-02T11:53:58","guid":{"rendered":"https:\/\/agangece-advert.sprint-service.be\/?post_type=product&#038;p=899"},"modified":"2024-09-02T13:53:58","modified_gmt":"2024-09-02T11:53:58","slug":"gel-lavant-dermo-protecteur","status":"publish","type":"product","link":"https:\/\/hcc-and-co.com\/fr_fr\/product\/gel-lavant-dermo-protecteur\/","title":{"rendered":"GEL LAVANT DERMO PROTECTEUR"},"content":{"rendered":"<p>\u2714\ufe0f\u00a0<strong>NETTOIE, HYDRATE ET PROT\u00c8GE<\/strong>\u00a0: le Gel lavant Dermo-protecteur nettoie le corps et le visage sans dess\u00e9cher !<br \/>\n\u2714\ufe0f\u00a0<strong>FORMULE DOUCE &amp; MINIMALISTE<\/strong>\u00a0: sa base lavante douce ne contient pas de savon ni de sulfates. Son parfum est doux et sans allerg\u00e8nes.<br \/>\n\u2714\ufe0f<strong>\u00a096% D&rsquo;INGR\u00c9DIENTS D&rsquo;ORIGINE NATURELLE<\/strong>\u00a0: le Gel lavant Dermo-protecteur est compos\u00e9 de glyc\u00e9rine v\u00e9g\u00e9tale, naturellement hydratante et adoucissante. Test\u00e9 sous contr\u00f4le dermatologique.<br \/>\n\u2714\ufe0f\u00a0<strong>5% DE GLYC\u00c9RINE V\u00c9G\u00c9TALE<\/strong>\u00a0: la formule contient une haute concentration de glyc\u00e9rine v\u00e9g\u00e9tale qui aide \u00e0 capter l&rsquo;eau et \u00e0 la retenir, permettant de maintenir un bon niveau d&rsquo;hydratation.<br \/>\n\u2714\ufe0f\u00a0<strong>PARFUM D\u00c9VELOPP\u00c9 EN FRANCE<\/strong>\u00a0: parfum aux notes florales, musqu\u00e9es, vertes et poudr\u00e9es, sans allerg\u00e8nes.<br \/>\n\u2714\ufe0f\u00a0<strong>FORMAT FAMILIAL<\/strong>\u00a0: 1 flacon de 1L \u00e0 partager pour limiter les flacons dans la salle de bain !<br \/>\n\u2714\ufe0f\u00a0<strong>FABRICATION AVEC AMOUR EN FRANCE<\/strong>\u00a0: tous nos produits sont d\u00e9velopp\u00e9s et fabriqu\u00e9s depuis 50 ans dans notre Laboratoire situ\u00e9 \u00e0 Thouars en France. Une production locale pour un soin responsable !<br \/>\n\u2714\ufe0f\u00a0<strong>POUR TOUTE LA FAMILLE,\u00a0<\/strong>d\u00e8s 3 ans.<\/p>\n","protected":false},"excerpt":{"rendered":"<p>Le\u00a0<strong>Gel lavant dermo-protecteur<\/strong>\u00a0nettoie d\u00e9licatement la peau, l\u2019enveloppe de douceur et l&rsquo;hydrate<sup>1<\/sup>. Il respecte et pr\u00e9serve les peaux sensibles de toute la famille d\u00e8s 3 ans.<\/p>\n<p><img decoding=\"async\" title=\"\" src=\"https:\/\/www.rivadouce.fr\/on\/demandware.static\/-\/Sites-rivadis-master\/default\/dw2e87d6d9\/PICTO_epure_96.jpg\" alt=\"\" width=\"80\" \/><img decoding=\"async\" title=\"\" src=\"https:\/\/www.rivadouce.fr\/on\/demandware.static\/-\/Sites-rivadis-master\/default\/dwe67384a7\/picto\/picto_epure_flacon_recyclable.jpg\" alt=\"\" width=\"88\" \/><img decoding=\"async\" title=\"\" src=\"https:\/\/www.rivadouce.fr\/on\/demandware.static\/-\/Sites-rivadis-master\/default\/dwf940ac22\/PICTO_epure_fab_en_france.jpg\" alt=\"\" width=\"80\" \/><\/p>\n","protected":false},"featured_media":861,"comment_status":"open","ping_status":"closed","template":"","meta":{"_joinchat":[]},"product_brand":[],"product_cat":[112],"product_tag":[],"class_list":{"0":"post-899","1":"product","2":"type-product","3":"status-publish","4":"has-post-thumbnail","6":"product_cat-univers-bebe-enfants","8":"first","9":"instock","10":"sale","11":"shipping-taxable","12":"purchasable","13":"product-type-simple"},"_links":{"self":[{"href":"https:\/\/hcc-and-co.com\/fr_fr\/wp-json\/wp\/v2\/product\/899","targetHints":{"allow":["GET"]}}],"collection":[{"href":"https:\/\/hcc-and-co.com\/fr_fr\/wp-json\/wp\/v2\/product"}],"about":[{"href":"https:\/\/hcc-and-co.com\/fr_fr\/wp-json\/wp\/v2\/types\/product"}],"replies":[{"embeddable":true,"href":"https:\/\/hcc-and-co.com\/fr_fr\/wp-json\/wp\/v2\/comments?post=899"}],"wp:featuredmedia":[{"embeddable":true,"href":"https:\/\/hcc-and-co.com\/fr_fr\/wp-json\/wp\/v2\/media\/861"}],"wp:attachment":[{"href":"https:\/\/hcc-and-co.com\/fr_fr\/wp-json\/wp\/v2\/media?parent=899"}],"wp:term":[{"taxonomy":"product_brand","embeddable":true,"href":"https:\/\/hcc-and-co.com\/fr_fr\/wp-json\/wp\/v2\/product_brand?post=899"},{"taxonomy":"product_cat","embeddable":true,"href":"https:\/\/hcc-and-co.com\/fr_fr\/wp-json\/wp\/v2\/product_cat?post=899"},{"taxonomy":"product_tag","embeddable":true,"href":"https:\/\/hcc-and-co.com\/fr_fr\/wp-json\/wp\/v2\/product_tag?post=899"}],"curies":[{"name":"wp","href":"https:\/\/api.w.org\/{rel}","templated":true}]}}